{"id":93532,"date":"2019-07-11T13:54:54","date_gmt":"2019-07-11T13:54:54","guid":{"rendered":"https:\/\/www.3p-gmbh.de\/produkt\/cortador-hidraulico-de-pilhas-krug-priester-eba-551\/"},"modified":"2019-07-11T13:54:54","modified_gmt":"2019-07-11T13:54:54","slug":"cortador-hidraulico-de-pilha","status":"publish","type":"product","link":"https:\/\/www.3p-gmbh.de\/pt-br\/produkt\/cortador-hidraulico-de-pilha\/","title":{"rendered":"Cortador hidr\u00e1ulico de pilhas Krug &amp; Priester EBA 551"},"content":{"rendered":"<ul>\n<li>com mesas de apoio e barreiras de luz<\/li>\n<li>acionamento eletromec\u00e2nico de facas<\/li>\n<li>Acionamento hidr\u00e1ulico da viga de prensagem<\/li>\n<li>Press\u00e3o de prensagem continuamente ajust\u00e1vel (m\u00edn. 200 daN, m\u00e1x. 1100 daN) com indica\u00e7\u00e3o atrav\u00e9s de man\u00f3metro<\/li>\n<li>Pedal para pr\u00e9-prensagem ou como \u00fatero de corte<\/li>\n<li>Tampa da barra de press\u00e3o<\/li>\n<li>Medidor traseiro el\u00e9trico com controlo de programa profissional<\/li>\n<li>Volante eletr\u00f3nico com velocidade infinitamente vari\u00e1vel para a regula\u00e7\u00e3o fina manual do contra-indicador<\/li>\n<li>Visor \u00f3tico seccional com d\u00edodos emissores de luz (LEDs) de alta intensidade<\/li>\n<li>Viga de prensagem guiada em ambos os lados para uma press\u00e3o de prensagem uniforme<\/li>\n<li>Eixo de precis\u00e3o do medidor traseiro<\/li>\n<li>Inclina\u00e7\u00e3o ajust\u00e1vel do calibre traseiro com passo estreito (32 mm) e deslizadores de pl\u00e1stico<\/li>\n<li>Dois batentes laterais na mesa da frente e na mesa de tr\u00e1s<\/li>\n<li>Porta-facas totalmente em a\u00e7o e guias de faca ajust\u00e1veis<\/li>\n<li>Dispositivo de seguran\u00e7a girat\u00f3rio, controlado eletronicamente, na mesa frontal<\/li>\n<li>Tampa de seguran\u00e7a transparente na mesa de apoio<\/li>\n<li>Interruptor principal e fecho de seguran\u00e7a com chave<\/li>\n<li>Liberta\u00e7\u00e3o do corte com duas m\u00e3os com bloqueio de repeti\u00e7\u00e3o e controlo de simultaneidade<\/li>\n<li>Comprimento de corte: 520 mm<\/li>\n<li>m\u00e1ximo. Altura de corte: 80 mm<\/li>\n<li>Corte residual: 22 mm<\/li>\n<li>Corte residual com cobertura da barra de prensagem: 90 mm<\/li>\n<li>Profundidade de inser\u00e7\u00e3o: 520 mm<\/li>\n<\/ul>\n","protected":false},"excerpt":{"rendered":"<p>com mesas de apoio e barreiras de luz acionamento eletromec\u00e2nico de facas Acionamento hidr\u00e1ulico da viga de prensagem Press\u00e3o de prensagem continuamente ajust\u00e1vel (m\u00edn. 200 daN, m\u00e1x. 1100 daN) com indica\u00e7\u00e3o atrav\u00e9s de man\u00f3metro Pedal para pr\u00e9-prensagem ou como \u00fatero de corte Tampa da barra de press\u00e3o Medidor traseiro el\u00e9trico com controlo de programa profissional [&hellip;]<\/p>\n","protected":false},"featured_media":65826,"template":"","meta":[],"product_brand":[],"product_cat":[3017],"product_tag":[],"class_list":{"0":"post-93532","1":"product","2":"type-product","3":"status-publish","4":"has-post-thumbnail","6":"product_cat-maquinas-de-corte","7":"pa_baujahr-182","8":"pa_hersteller-krug-priester","9":"pa_typ-eba-551","11":"first","12":"instock","13":"sold-individually","14":"taxable","15":"shipping-taxable","16":"purchasable","17":"product-type-simple"},"jetpack_sharing_enabled":true,"_links":{"self":[{"href":"https:\/\/www.3p-gmbh.de\/pt-br\/wp-json\/wp\/v2\/product\/93532","targetHints":{"allow":["GET"]}}],"collection":[{"href":"https:\/\/www.3p-gmbh.de\/pt-br\/wp-json\/wp\/v2\/product"}],"about":[{"href":"https:\/\/www.3p-gmbh.de\/pt-br\/wp-json\/wp\/v2\/types\/product"}],"wp:featuredmedia":[{"embeddable":true,"href":"https:\/\/www.3p-gmbh.de\/pt-br\/wp-json\/wp\/v2\/media\/65826"}],"wp:attachment":[{"href":"https:\/\/www.3p-gmbh.de\/pt-br\/wp-json\/wp\/v2\/media?parent=93532"}],"wp:term":[{"taxonomy":"product_brand","embeddable":true,"href":"https:\/\/www.3p-gmbh.de\/pt-br\/wp-json\/wp\/v2\/product_brand?post=93532"},{"taxonomy":"product_cat","embeddable":true,"href":"https:\/\/www.3p-gmbh.de\/pt-br\/wp-json\/wp\/v2\/product_cat?post=93532"},{"taxonomy":"product_tag","embeddable":true,"href":"https:\/\/www.3p-gmbh.de\/pt-br\/wp-json\/wp\/v2\/product_tag?post=93532"}],"curies":[{"name":"wp","href":"https:\/\/api.w.org\/{rel}","templated":true}]}}