{"id":39304,"date":"2021-06-14T21:59:22","date_gmt":"2021-06-14T21:59:22","guid":{"rendered":"https:\/\/www.3p-gmbh.de\/?post_type=product&#038;p=39304"},"modified":"2021-06-14T21:59:22","modified_gmt":"2021-06-14T21:59:22","slug":"fnp-elektrische-falzniederdruckpresse-sperr-lechner-splek-slf-ii-a-200-s","status":"publish","type":"product","link":"https:\/\/www.3p-gmbh.de\/pl\/produkt\/fnp-elektrische-falzniederdruckpresse-sperr-lechner-splek-slf-ii-a-200-s\/","title":{"rendered":"FNP elektrische Falzniederdruckpresse Sperr &#038; Lechner Splek SLF II A 200 S"},"content":{"rendered":"<p><strong>FNP elektrische Falzniederdruckpresse\u00a0SLF\u00a0II\u00a0A\u00a0200<\/strong><br \/>\n<strong>aus Baujahr 1981<\/strong><\/p>\n<p><strong><em>Beschreibung:<\/em><\/strong><br \/>\nDie\u00a0Falzniederdruckpresse\u00a0dient\u00a0zum\u00a0Abpressen\u00a0des\u00a0Falzes\u00a0am\u00a0Buchr\u00fccken\u00a0und\u00a0hat\u00a0zwei\u00a0Pressstationen,\u00a0die\u00a0im\u00a0Wechsel\u00a0best\u00fcckt\u00a0werden.<\/p>\n<p>Den\u00a0Pressvorgang\u00a0wird\u00a0durch\u00a0das\u00a0Pressgut\u00a0\u00fcber\u00a0einen\u00a0elektrischen\u00a0Kontakt\u00a0ausgel\u00f6st.<br \/>\nJeder\u00a0Pressbalken\u00a0hat\u00a0eine\u00a0federnde\u00a0Vorpressleiste,\u00a0die\u00a0ein\u00a0Hochspringen\u00a0der\u00a0Bogen\u00a0aus\u00a0dem\u00a0Buchblock\u00a0verhindert\u00a0und\u00a0ein\u00a0gutes\u00a0Abpressen\u00a0des\u00a0Falzes\u00a0garantiert.<\/p>\n<p>Bet\u00e4tigung\u00a0\u00fcber\u00a0Taster\u00a0bei\u00a0Einzeltakt\u00a0oder\u00a0automatischer\u00a0Pressung\u00a0\u00fcber\u00a0Zeittakt,\u00a0Zeituhr\u00a0einstellbar\u00a00-12\u00a0min.<\/p>\n<p><strong><em>Technische Daten:<\/em><\/strong><br \/>\nPressbalkengr\u00f6\u00dfe: 380 x 40mm<br \/>\nEinsatzst\u00e4rke: 90mm<br \/>\nHub: 80mm<br \/>\nPressdruck\u00a0regelbar\u00a0bis\u00a0max.\u00a03200kg<br \/>\nPlatzbedarf: L 1100 x B 500 x H 1000 mm<\/p>\n","protected":false},"excerpt":{"rendered":"<p>FNP elektrische Falzniederdruckpresse\u00a0SLF\u00a0II\u00a0A\u00a0200 aus Baujahr 1981 Beschreibung: Die\u00a0Falzniederdruckpresse\u00a0dient\u00a0zum\u00a0Abpressen\u00a0des\u00a0Falzes\u00a0am\u00a0Buchr\u00fccken\u00a0und\u00a0hat\u00a0zwei\u00a0Pressstationen,\u00a0die\u00a0im\u00a0Wechsel\u00a0best\u00fcckt\u00a0werden. Den\u00a0Pressvorgang\u00a0wird\u00a0durch\u00a0das\u00a0Pressgut\u00a0\u00fcber\u00a0einen\u00a0elektrischen\u00a0Kontakt\u00a0ausgel\u00f6st. Jeder\u00a0Pressbalken\u00a0hat\u00a0eine\u00a0federnde\u00a0Vorpressleiste,\u00a0die\u00a0ein\u00a0Hochspringen\u00a0der\u00a0Bogen\u00a0aus\u00a0dem\u00a0Buchblock\u00a0verhindert\u00a0und\u00a0ein\u00a0gutes\u00a0Abpressen\u00a0des\u00a0Falzes\u00a0garantiert. Bet\u00e4tigung\u00a0\u00fcber\u00a0Taster\u00a0bei\u00a0Einzeltakt\u00a0oder\u00a0automatischer\u00a0Pressung\u00a0\u00fcber\u00a0Zeittakt,\u00a0Zeituhr\u00a0einstellbar\u00a00-12\u00a0min. Technische Daten: Pressbalkengr\u00f6\u00dfe: 380 x 40mm Einsatzst\u00e4rke: 90mm Hub: 80mm Pressdruck\u00a0regelbar\u00a0bis\u00a0max.\u00a03200kg Platzbedarf: L 1100 x B 500 x H 1000 mm<\/p>\n","protected":false},"featured_media":39305,"template":"","meta":[],"product_brand":[],"product_cat":[242],"product_tag":[],"class_list":{"0":"post-39304","1":"product","2":"type-product","3":"status-publish","4":"has-post-thumbnail","6":"product_cat-pressen","7":"pa_hersteller-sperr-lechner","8":"pa_typ-splek-slf-ii-a-200-s","10":"first","11":"instock","12":"taxable","13":"shipping-taxable","14":"product-type-simple"},"jetpack_sharing_enabled":true,"_links":{"self":[{"href":"https:\/\/www.3p-gmbh.de\/pl\/wp-json\/wp\/v2\/product\/39304","targetHints":{"allow":["GET"]}}],"collection":[{"href":"https:\/\/www.3p-gmbh.de\/pl\/wp-json\/wp\/v2\/product"}],"about":[{"href":"https:\/\/www.3p-gmbh.de\/pl\/wp-json\/wp\/v2\/types\/product"}],"wp:featuredmedia":[{"embeddable":true,"href":"https:\/\/www.3p-gmbh.de\/pl\/wp-json\/wp\/v2\/media\/39305"}],"wp:attachment":[{"href":"https:\/\/www.3p-gmbh.de\/pl\/wp-json\/wp\/v2\/media?parent=39304"}],"wp:term":[{"taxonomy":"product_brand","embeddable":true,"href":"https:\/\/www.3p-gmbh.de\/pl\/wp-json\/wp\/v2\/product_brand?post=39304"},{"taxonomy":"product_cat","embeddable":true,"href":"https:\/\/www.3p-gmbh.de\/pl\/wp-json\/wp\/v2\/product_cat?post=39304"},{"taxonomy":"product_tag","embeddable":true,"href":"https:\/\/www.3p-gmbh.de\/pl\/wp-json\/wp\/v2\/product_tag?post=39304"}],"curies":[{"name":"wp","href":"https:\/\/api.w.org\/{rel}","templated":true}]}}