{"id":118867,"date":"2024-10-01T08:42:53","date_gmt":"2024-10-01T08:42:53","guid":{"rendered":"https:\/\/www.3p-gmbh.de\/?post_type=product&#038;p=118867"},"modified":"2024-10-01T09:50:50","modified_gmt":"2024-10-01T09:50:50","slug":"all-in-one-kombinationsgeraet-fuer-kleine-flexodruckplattenformate-basf-nyloflex-az-combi-f1-mit-stanze-vormals-flint-heute-xsysglobal","status":"publish","type":"product","link":"https:\/\/www.3p-gmbh.de\/fr\/produkt\/all-in-one-kombinationsgeraet-fuer-kleine-flexodruckplattenformate-basf-nyloflex-az-combi-f1-mit-stanze-vormals-flint-heute-xsysglobal\/","title":{"rendered":"All-in-One-Kombinationsger\u00e4t f\u00fcr kleine Flexodruckplattenformate BASF Nyloflex AZ Combi F1 mit Stanze   vormals  Flint ,  heute xsysglobal"},"content":{"rendered":"<p><strong>All-in-One-Kombinationsger\u00e4t f\u00fcr kleine Flexodruckplattenformate BASF Nyloflex AZ Combi F1 mit Stanze\u00a0\u00a0 vormals\u00a0 Flint ,\u00a0 heute xsysglobal\u00a0\u00a0<\/strong><\/p>\n<div><span style=\"color: #0000ff;\"><strong>Baujahr 2001,<br \/>\nwenig genutzt, in ausgezeichnetem Zustand.<br \/>\ndie Maschine ist wie neu, lediglich in paar Platten pro Monat wurden f\u00fcr die Testdrucke eines Maschinenbauers gemacht<\/strong><\/span>Genau die richtige Wahl, wenn es um die optimale und zuverl\u00e4ssige Produktion von Flexodruckplatten f\u00fcr den Schmalbahndruck,\u00a0\u00a0Etikettendruck, Briefumschlagdruck geht.<\/p>\n<\/div>\n<div>\n<p>Diese Maschine wurde f\u00fcr die Verarbeitung von l\u00f6semittelwaschbaren Flexodruckplatten entwickelt und hergestellt.<\/p>\n<\/div>\n<div><\/div>\n<div>Akzeptierte L\u00f6semittel: NYLOSOLV, SOLVIT, PERCHLORE.<br \/>\nPlatte: max. Gr\u00f6\u00dfe 460 x 620 mm.<br \/>\nVakuum: max. Gr\u00f6\u00dfe 500&#215;660 mmFunktionsweise<\/p>\n<p>Vorbelichtung der Plattenr\u00fcckseite<br \/>\nHauptbelichtung<br \/>\nSp\u00fclung<br \/>\nNachfolgende doppelseitige Reinigung<br \/>\nVortrocknung<br \/>\nTrocknung<br \/>\nZusatzbelichtung<br \/>\nEndverarbeitung mit UV-Licht \u2013 C-Band<\/p>\n<p>GR\u00d6SSE in cm: Breite 250, Tiefe 125, H\u00f6he 130<br \/>\nGEWICHT: 400 kg<br \/>\nSTROMVERSORGUNG: 380 V, 3 Phasen + N &#8211; 50 HZ &#8211; 4,5 KW<\/p>\n<\/div>\n<div><\/div>\n","protected":false},"excerpt":{"rendered":"<p>All-in-One-Kombinationsger\u00e4t f\u00fcr kleine Flexodruckplattenformate BASF Nyloflex AZ Combi F1 mit Stanze\u00a0\u00a0 vormals\u00a0 Flint ,\u00a0 heute xsysglobal\u00a0\u00a0 Baujahr 2001, wenig genutzt, in ausgezeichnetem Zustand. die Maschine ist wie neu, lediglich in paar Platten pro Monat wurden f\u00fcr die Testdrucke eines Maschinenbauers gemachtGenau die richtige Wahl, wenn es um die optimale und zuverl\u00e4ssige Produktion von Flexodruckplatten f\u00fcr [&hellip;]<\/p>\n","protected":false},"featured_media":118883,"template":"","meta":[],"product_brand":[],"product_cat":[3132],"product_tag":[],"class_list":{"0":"post-118867","1":"product","2":"type-product","3":"status-publish","4":"has-post-thumbnail","6":"product_cat-flexo-2","8":"first","9":"instock","10":"taxable","11":"shipping-taxable","12":"product-type-simple"},"jetpack_sharing_enabled":true,"_links":{"self":[{"href":"https:\/\/www.3p-gmbh.de\/fr\/wp-json\/wp\/v2\/product\/118867","targetHints":{"allow":["GET"]}}],"collection":[{"href":"https:\/\/www.3p-gmbh.de\/fr\/wp-json\/wp\/v2\/product"}],"about":[{"href":"https:\/\/www.3p-gmbh.de\/fr\/wp-json\/wp\/v2\/types\/product"}],"wp:featuredmedia":[{"embeddable":true,"href":"https:\/\/www.3p-gmbh.de\/fr\/wp-json\/wp\/v2\/media\/118883"}],"wp:attachment":[{"href":"https:\/\/www.3p-gmbh.de\/fr\/wp-json\/wp\/v2\/media?parent=118867"}],"wp:term":[{"taxonomy":"product_brand","embeddable":true,"href":"https:\/\/www.3p-gmbh.de\/fr\/wp-json\/wp\/v2\/product_brand?post=118867"},{"taxonomy":"product_cat","embeddable":true,"href":"https:\/\/www.3p-gmbh.de\/fr\/wp-json\/wp\/v2\/product_cat?post=118867"},{"taxonomy":"product_tag","embeddable":true,"href":"https:\/\/www.3p-gmbh.de\/fr\/wp-json\/wp\/v2\/product_tag?post=118867"}],"curies":[{"name":"wp","href":"https:\/\/api.w.org\/{rel}","templated":true}]}}