{"id":91207,"date":"2021-05-09T13:46:35","date_gmt":"2021-05-09T13:46:35","guid":{"rendered":"https:\/\/www.3p-gmbh.de\/produkt\/densitometro-espectral-compacto-techkon-spectrodens-premium\/"},"modified":"2021-05-09T13:46:35","modified_gmt":"2021-05-09T13:46:35","slug":"densitometro-espectral-compacto-techkon-spectrodens-premium","status":"publish","type":"product","link":"https:\/\/www.3p-gmbh.de\/es\/produkt\/densitometro-espectral-compacto-techkon-spectrodens-premium\/","title":{"rendered":"Densit\u00f3metro espectral compacto Techkon SpectroDens Premium"},"content":{"rendered":"<p><strong>Densit\u00f3metro espectral compacto Techkon SpectroDens Premium<\/strong><br \/>\n<strong>A\u00f1o de fabricaci\u00f3n 2014<\/strong><br \/>\nSN A 802022<\/p>\n<p><strong><em>Funciones:<\/em><\/strong><br \/>\nMedici\u00f3n autom\u00e1tica de la densidad, densidad CMYK, cobertura de \u00e1rea, ganancia de punto,<br \/>\nContraste de impresi\u00f3n, equilibrio de grises y colores, aceptaci\u00f3n de tinta, curva caracter\u00edstica de impresi\u00f3n, espectro de densidad,<br \/>\nDensidad espectral para colores planos, visualizaci\u00f3n de tendencias ExPresso mini, desplazamiento\/edici\u00f3n,<br \/>\nCobertura de \u00e1rea Yule-Nielsen para planchas de impresi\u00f3n, CIE L*a*b*, \u0394E*a*b*, CIE L*C*h*ab,<br \/>\nCIE XYZ, \u0394E*cmc, \u0394E*CIE94, \u0394E*CIE2000, espectro de remisi\u00f3n,<br \/>\nInkCheck: control del color de las tintas planas, biblioteca de colores con hasta 20 muestras de color y un total de 3.000 referencias de color,<br \/>\nMemoria de valores medidos para 1.200 muestras y 300 referencias, evaluaci\u00f3n de cu\u00f1as de medios Ugra\/Fogra,<br \/>\nComprobaci\u00f3n ISO: control del color seg\u00fan ISO 12647, CIE L*u*v*, CIE L*C*h*uv, CIE xyY, DIN Lab99,<br \/>\n\u00cdndice de metamerismo, blancura, amarillez, tolerancia pasa\/no pasa, valor medio<\/p>\n<p><em><strong>Volumen de suministro:<\/strong><\/em><br \/>\nAparato de medici\u00f3n con estuche, estaci\u00f3n de carga y documentaci\u00f3n, cable USB<\/p>\n","protected":false},"excerpt":{"rendered":"<p>Densit\u00f3metro espectral compacto Techkon SpectroDens Premium A\u00f1o de fabricaci\u00f3n 2014 SN A 802022 Funciones: Medici\u00f3n autom\u00e1tica de la densidad, densidad CMYK, cobertura de \u00e1rea, ganancia de punto, Contraste de impresi\u00f3n, equilibrio de grises y colores, aceptaci\u00f3n de tinta, curva caracter\u00edstica de impresi\u00f3n, espectro de densidad, Densidad espectral para colores planos, visualizaci\u00f3n de tendencias ExPresso mini, [&hellip;]<\/p>\n","protected":false},"featured_media":80586,"template":"","meta":[],"product_brand":[],"product_cat":[2933],"product_tag":[],"class_list":{"0":"post-91207","1":"product","2":"type-product","3":"status-publish","4":"has-post-thumbnail","6":"product_cat-instrumentos-de-medida-y-control-de-calidad","7":"pa_hersteller-techkon","8":"pa_typ-spectrodens-premium","10":"first","11":"instock","12":"taxable","13":"shipping-taxable","14":"product-type-simple"},"jetpack_sharing_enabled":true,"_links":{"self":[{"href":"https:\/\/www.3p-gmbh.de\/es\/wp-json\/wp\/v2\/product\/91207","targetHints":{"allow":["GET"]}}],"collection":[{"href":"https:\/\/www.3p-gmbh.de\/es\/wp-json\/wp\/v2\/product"}],"about":[{"href":"https:\/\/www.3p-gmbh.de\/es\/wp-json\/wp\/v2\/types\/product"}],"wp:featuredmedia":[{"embeddable":true,"href":"https:\/\/www.3p-gmbh.de\/es\/wp-json\/wp\/v2\/media\/80586"}],"wp:attachment":[{"href":"https:\/\/www.3p-gmbh.de\/es\/wp-json\/wp\/v2\/media?parent=91207"}],"wp:term":[{"taxonomy":"product_brand","embeddable":true,"href":"https:\/\/www.3p-gmbh.de\/es\/wp-json\/wp\/v2\/product_brand?post=91207"},{"taxonomy":"product_cat","embeddable":true,"href":"https:\/\/www.3p-gmbh.de\/es\/wp-json\/wp\/v2\/product_cat?post=91207"},{"taxonomy":"product_tag","embeddable":true,"href":"https:\/\/www.3p-gmbh.de\/es\/wp-json\/wp\/v2\/product_tag?post=91207"}],"curies":[{"name":"wp","href":"https:\/\/api.w.org\/{rel}","templated":true}]}}